{"id":230,"date":"2024-06-12T14:57:20","date_gmt":"2024-06-12T17:57:20","guid":{"rendered":"https:\/\/artebotanicabrasil.com.br\/?page_id=230"},"modified":"2024-08-23T13:02:24","modified_gmt":"2024-08-23T16:02:24","slug":"comissao-julgadora","status":"publish","type":"page","link":"https:\/\/artebotanicabrasil.com.br\/index.php\/comissao-julgadora\/","title":{"rendered":"Comiss\u00e3o Julgadora"},"content":{"rendered":"\t\t<div data-elementor-type=\"wp-page\" data-elementor-id=\"230\" class=\"elementor elementor-230\">\n\t\t\t\t\t\t<section class=\"elementor-section elementor-top-section elementor-element elementor-element-672cbd4 elementor-section-boxed elementor-section-height-default elementor-section-height-default\" data-id=\"672cbd4\" data-element_type=\"section\">\n\t\t\t\t\t\t<div class=\"elementor-container elementor-column-gap-default\">\n\t\t\t\t\t<div class=\"elementor-column elementor-col-100 elementor-top-column elementor-element elementor-element-3f66d4f\" data-id=\"3f66d4f\" data-element_type=\"column\">\n\t\t\t<div class=\"elementor-widget-wrap elementor-element-populated\">\n\t\t\t\t\t\t<div class=\"elementor-element elementor-element-71921b6 elementor-widget__width-initial elementor-widget elementor-widget-text-editor\" data-id=\"71921b6\" data-element_type=\"widget\" data-widget_type=\"text-editor.default\">\n\t\t\t\t<div class=\"elementor-widget-container\">\n\t\t\t\t\t\t\t\t\t<h3 style=\"text-align: center;\"><strong>Comiss\u00e3o Art\u00edstica<\/strong><\/h3>\t\t\t\t\t\t\t\t<\/div>\n\t\t\t\t<\/div>\n\t\t\t\t\t<\/div>\n\t\t<\/div>\n\t\t\t\t\t<\/div>\n\t\t<\/section>\n\t\t\t\t<section class=\"elementor-section elementor-top-section elementor-element elementor-element-78e3e20 elementor-section-boxed elementor-section-height-default elementor-section-height-default\" data-id=\"78e3e20\" data-element_type=\"section\">\n\t\t\t\t\t\t<div class=\"elementor-container elementor-column-gap-default\">\n\t\t\t\t\t<div class=\"elementor-column elementor-col-50 elementor-top-column elementor-element elementor-element-ad81dd8\" data-id=\"ad81dd8\" data-element_type=\"column\">\n\t\t\t<div class=\"elementor-widget-wrap elementor-element-populated\">\n\t\t\t\t\t\t<div class=\"elementor-element elementor-element-a3b6204 elementor-widget elementor-widget-image\" data-id=\"a3b6204\" data-element_type=\"widget\" data-widget_type=\"image.default\">\n\t\t\t\t<div class=\"elementor-widget-container\">\n\t\t\t\t\t\t\t\t\t\t\t\t\t\t\t<img fetchpriority=\"high\" decoding=\"async\" width=\"900\" height=\"1024\" src=\"https:\/\/artebotanicabrasil.com.br\/wp-content\/uploads\/2024\/08\/Cecilia-Tomasi-900x1024-1.jpg\" class=\"attachment-large size-large wp-image-280\" alt=\"\" srcset=\"https:\/\/artebotanicabrasil.com.br\/wp-content\/uploads\/2024\/08\/Cecilia-Tomasi-900x1024-1.jpg 900w, https:\/\/artebotanicabrasil.com.br\/wp-content\/uploads\/2024\/08\/Cecilia-Tomasi-900x1024-1-264x300.jpg 264w, https:\/\/artebotanicabrasil.com.br\/wp-content\/uploads\/2024\/08\/Cecilia-Tomasi-900x1024-1-768x874.jpg 768w, https:\/\/artebotanicabrasil.com.br\/wp-content\/uploads\/2024\/08\/Cecilia-Tomasi-900x1024-1-570x649.jpg 570w\" sizes=\"(max-width: 900px) 100vw, 900px\" \/>\t\t\t\t\t\t\t\t\t\t\t\t\t\t\t<\/div>\n\t\t\t\t<\/div>\n\t\t\t\t\t<\/div>\n\t\t<\/div>\n\t\t\t\t<div class=\"elementor-column elementor-col-50 elementor-top-column elementor-element elementor-element-081c034\" data-id=\"081c034\" data-element_type=\"column\">\n\t\t\t<div class=\"elementor-widget-wrap elementor-element-populated\">\n\t\t\t\t\t\t<div class=\"elementor-element elementor-element-e4da457 elementor-widget elementor-widget-text-editor\" data-id=\"e4da457\" data-element_type=\"widget\" data-widget_type=\"text-editor.default\">\n\t\t\t\t<div class=\"elementor-widget-container\">\n\t\t\t\t\t\t\t\t\t<p><strong>Cec\u00edlia Tomasi<\/strong><\/p><p>Natural de Bauru, SP (1954), reside em S\u00e3o Paulo desde 1981.<\/p><p>Graduou-se em Educa\u00e7\u00e3o Art\u00edstica e Desenho pela UNESP de Bauru.<\/p><p>Trabalhou como ilustradora no Instituto de Bot\u00e2nica\/Jardim Bot\u00e2nico de S\u00e3o Paulo por 30 anos, aonde realizou ilustra\u00e7\u00f5es de car\u00e1ter cient\u00edfico, para documenta\u00e7\u00e3o e divulga\u00e7\u00e3o de pesquisas bot\u00e2nicas; ministrou cursos e orientou est\u00e1gios sobre as t\u00e9cnicas de ilustra\u00e7\u00e3o bot\u00e2nica. Atuou tamb\u00e9m como curadora do acervo de ilustra\u00e7\u00f5es, desenhos e pinturas do Instituto. (1981 a 2012)<\/p><p>Recebeu bolsa art\u00edstica pela Funda\u00e7\u00e3o Bot\u00e2nica Margaret Mee, para aperfei\u00e7oamento em aquarela bot\u00e2nica com a Prof. Christabel King no Royal Botanic Gardens, Kew, em Londres, sob orienta\u00e7\u00e3o de Christabel King. (1993)<\/p><p>Ilustrou revistas e livros de car\u00e1ter cient\u00edfico e popular.<\/p><p>Recebeu pr\u00eamios como:\u00a0Certificado do M\u00e9rito Bot\u00e2nico pela The Society of Botanical Artists inglesa. (1994); Men\u00e7\u00e3o honrosa pela Sociedade Brasileira de Brom\u00e9lias (1995); Melhor ilustra\u00e7\u00e3o de livro de culin\u00e1ria pela Gourmand World Cookbook Awards (2004 e 2007).<\/p><p>Atualmente ministra cursos de aquarela bot\u00e2nica em seu ateli\u00ea e na Escola de Bot\u00e2nica em S\u00e3o Paulo, SP.<\/p><p>Participou de exposi\u00e7\u00f5es no Brasil e no exterior como: \u00a06<sup>th<\/sup>\u00a0International Exhibition of Botanical Art &amp; Illustration, no Hunt Institute, Pittisburgh, USA (1988); The Society of Botanical Artists, Westminster Gallery, Londres (1994); Bot\u00e2nica em Aquarela e o legado de Margaret Mee,no Espa\u00e7o Cultural Banespa-Paulista, S\u00e3o Paulo (1997); Botanical Art into the Third Millennium, Pisa, It\u00e1lia (2013); Mata Atl\u00e2ntica &#8211; Arte e Ci\u00eancia, Escola de Bot\u00e2nica Tropical, Rio de Janeiro, (2013); Global Network of Watercolor Painters, no Hongqiao Contemporary Art Museum, em Shanghai, China (2014); Mata Atl\u00e2ntica \u2013 Ci\u00eancia e Arte, no Museu do Meio Ambiente do Jardim Bot\u00e2nico do Rio de Janeiro, (2016) e Worldwide Botanical Art Exhibition, Curitiba, Paran\u00e1 (2018)<\/p><p>Possui obras em acervos como Instituto de Bot\u00e2nica de S\u00e3o Paulo, <em>Hunt Institute for Botanical Documentation<\/em>, Pittisburgh, EUA; <em>Royal Botanic Gardens, Kew<\/em>, Londres, RU e <em>Contemporary Art Museum<\/em>, Shangai, China.<\/p>\t\t\t\t\t\t\t\t<\/div>\n\t\t\t\t<\/div>\n\t\t\t\t\t<\/div>\n\t\t<\/div>\n\t\t\t\t\t<\/div>\n\t\t<\/section>\n\t\t\t\t<section class=\"elementor-section elementor-top-section elementor-element elementor-element-8654232 elementor-section-boxed elementor-section-height-default elementor-section-height-default\" data-id=\"8654232\" data-element_type=\"section\">\n\t\t\t\t\t\t<div class=\"elementor-container elementor-column-gap-default\">\n\t\t\t\t\t<div class=\"elementor-column elementor-col-50 elementor-top-column elementor-element elementor-element-034e232\" data-id=\"034e232\" data-element_type=\"column\">\n\t\t\t<div class=\"elementor-widget-wrap elementor-element-populated\">\n\t\t\t\t\t\t<div class=\"elementor-element elementor-element-b736e39 elementor-widget elementor-widget-image\" data-id=\"b736e39\" data-element_type=\"widget\" data-widget_type=\"image.default\">\n\t\t\t\t<div class=\"elementor-widget-container\">\n\t\t\t\t\t\t\t\t\t\t\t\t\t\t\t<img decoding=\"async\" width=\"900\" height=\"1024\" src=\"https:\/\/artebotanicabrasil.com.br\/wp-content\/uploads\/2024\/06\/Diana-Carneiro-900x1024-1.jpg\" class=\"attachment-large size-large wp-image-274\" alt=\"Diana Carneiro\" srcset=\"https:\/\/artebotanicabrasil.com.br\/wp-content\/uploads\/2024\/06\/Diana-Carneiro-900x1024-1.jpg 900w, https:\/\/artebotanicabrasil.com.br\/wp-content\/uploads\/2024\/06\/Diana-Carneiro-900x1024-1-264x300.jpg 264w, https:\/\/artebotanicabrasil.com.br\/wp-content\/uploads\/2024\/06\/Diana-Carneiro-900x1024-1-768x874.jpg 768w, https:\/\/artebotanicabrasil.com.br\/wp-content\/uploads\/2024\/06\/Diana-Carneiro-900x1024-1-570x649.jpg 570w\" sizes=\"(max-width: 900px) 100vw, 900px\" \/>\t\t\t\t\t\t\t\t\t\t\t\t\t\t\t<\/div>\n\t\t\t\t<\/div>\n\t\t\t\t\t<\/div>\n\t\t<\/div>\n\t\t\t\t<div class=\"elementor-column elementor-col-50 elementor-top-column elementor-element elementor-element-fab09f6\" data-id=\"fab09f6\" data-element_type=\"column\">\n\t\t\t<div class=\"elementor-widget-wrap elementor-element-populated\">\n\t\t\t\t\t\t<div class=\"elementor-element elementor-element-3268b4a elementor-widget elementor-widget-text-editor\" data-id=\"3268b4a\" data-element_type=\"widget\" data-widget_type=\"text-editor.default\">\n\t\t\t\t<div class=\"elementor-widget-container\">\n\t\t\t\t\t\t\t\t\t<p><strong>Diana Carneiro<\/strong><\/p><p>Ilustradora bot\u00e2nica e artista pl\u00e1stica, natural de Guanambi, Bahia, 1947. Licenciada em Ci\u00eancias Biol\u00f3gicas pela UFPR, 1968; bacharel em Pintura pela Escola de M\u00fasica e Belas Artes do Paran\u00e1, 1992 e especializa\u00e7\u00e3o em Ilustra\u00e7\u00e3o Bot\u00e2nica 1997, pela Funda\u00e7\u00e3o Bot\u00e2nica Margaret Mee (RJ), no <em>Royal Botanic Gardens<\/em> em Kew, Inglaterra, sob tutoramento de Christabel King.<\/p><p>Membro fundador do Centro de Ilustra\u00e7\u00e3o Bot\u00e2nica do Paran\u00e1 (CIBP) em 2000. Ministrante de cursos de aperfei\u00e7oamento, assessoramento t\u00e9cnico e consultorias a diversas institui\u00e7\u00f5es.<\/p><p>Ilustrou os cartazes dos 50\u00ba e 63\u00b0 Congresso Brasileiro de Bot\u00e2nica e 27\u00b0 Congresso Brasileiro de Zoologia, e in\u00fameros livros did\u00e1ticos e cient\u00edficos, entre os quais \u201cCapsicum: Pimentas e Piment\u00f5es no Brasil&#8221; (EMBRAPA 2000), que mereceu o pr\u00eamio Jabuti em 2001, concedido pela C\u00e2mara Brasileira do Livro e \u201cMacrofungos not\u00e1veis das Florestas de Pinheiro-do-Paran\u00e1\u201d (Embrapa Florestas, 2008).<\/p><p>Professora convidada pelo Projeto Laborat\u00f3rio de Ilustra\u00e7\u00e3o Cient\u00edfica da Universidade de Aveiro, Pt, no per\u00edodo 2014 a 2017.<\/p><p>\u00a0Foi membro associado da <em>American Society of Botanical Artists<\/em>, (ASBA) entre 2010 e 2012 e\u00a0 Co-organizadora da I Expomundial\/Brasil promovida de ASBA, em 2018.<\/p><p>Possui obras em acervos Institucionais p\u00fablicos e privados como no <em>Royal Botanic Gardens- Kew<\/em> (UK), <em>Hunt Institute for Botanical Documentation<\/em>, Pittsburg \u00a0(USA),<em> New York State Museum<\/em>\u2013 Albany\/USA, Empresa Brasileira de Pesquisa Agropecu\u00e1ria (EMBRAPA), Universidade Federal do Paran\u00e1 (UFPR) e Universidade da Regi\u00e3o de <em>Joinville<\/em>\u00a0(<em>UNIVILLE<\/em>).<\/p><p>Autora do livro \u2018Ilustra\u00e7\u00e3o Bot\u00e2nica Princ\u00edpios e M\u00e9todos pela Editora da UFPR, em 2012, com 2\u00aa edi\u00e7\u00e3o revista e ampliada, pela mesma editora, com 288 p\u00e1ginas, ilustrado, em 2023.<\/p>\t\t\t\t\t\t\t\t<\/div>\n\t\t\t\t<\/div>\n\t\t\t\t\t<\/div>\n\t\t<\/div>\n\t\t\t\t\t<\/div>\n\t\t<\/section>\n\t\t\t\t<section class=\"elementor-section elementor-top-section elementor-element elementor-element-9770f6d elementor-section-boxed elementor-section-height-default elementor-section-height-default\" data-id=\"9770f6d\" data-element_type=\"section\">\n\t\t\t\t\t\t<div class=\"elementor-container elementor-column-gap-default\">\n\t\t\t\t\t<div class=\"elementor-column elementor-col-100 elementor-top-column elementor-element elementor-element-cd30390\" data-id=\"cd30390\" data-element_type=\"column\">\n\t\t\t<div class=\"elementor-widget-wrap elementor-element-populated\">\n\t\t\t\t\t\t<section class=\"elementor-section elementor-inner-section elementor-element elementor-element-943553e elementor-section-boxed elementor-section-height-default elementor-section-height-default\" data-id=\"943553e\" data-element_type=\"section\">\n\t\t\t\t\t\t<div class=\"elementor-container elementor-column-gap-default\">\n\t\t\t\t\t<div class=\"elementor-column elementor-col-50 elementor-inner-column elementor-element elementor-element-23ee9a3\" data-id=\"23ee9a3\" data-element_type=\"column\">\n\t\t\t<div class=\"elementor-widget-wrap elementor-element-populated\">\n\t\t\t\t\t\t<div class=\"elementor-element elementor-element-c053f65 elementor-widget elementor-widget-image\" data-id=\"c053f65\" data-element_type=\"widget\" data-widget_type=\"image.default\">\n\t\t\t\t<div class=\"elementor-widget-container\">\n\t\t\t\t\t\t\t\t\t\t\t\t\t\t\t<img decoding=\"async\" width=\"900\" height=\"1024\" src=\"https:\/\/artebotanicabrasil.com.br\/wp-content\/uploads\/2024\/06\/Gustavo-900x1024-1.jpg\" class=\"attachment-large size-large wp-image-249\" alt=\"Gustavo Surlo\" srcset=\"https:\/\/artebotanicabrasil.com.br\/wp-content\/uploads\/2024\/06\/Gustavo-900x1024-1.jpg 900w, https:\/\/artebotanicabrasil.com.br\/wp-content\/uploads\/2024\/06\/Gustavo-900x1024-1-264x300.jpg 264w, https:\/\/artebotanicabrasil.com.br\/wp-content\/uploads\/2024\/06\/Gustavo-900x1024-1-768x874.jpg 768w, https:\/\/artebotanicabrasil.com.br\/wp-content\/uploads\/2024\/06\/Gustavo-900x1024-1-570x649.jpg 570w\" sizes=\"(max-width: 900px) 100vw, 900px\" \/>\t\t\t\t\t\t\t\t\t\t\t\t\t\t\t<\/div>\n\t\t\t\t<\/div>\n\t\t\t\t\t<\/div>\n\t\t<\/div>\n\t\t\t\t<div class=\"elementor-column elementor-col-50 elementor-inner-column elementor-element elementor-element-c2484c4\" data-id=\"c2484c4\" data-element_type=\"column\">\n\t\t\t<div class=\"elementor-widget-wrap elementor-element-populated\">\n\t\t\t\t\t\t<div class=\"elementor-element elementor-element-dfce792 elementor-widget elementor-widget-text-editor\" data-id=\"dfce792\" data-element_type=\"widget\" data-widget_type=\"text-editor.default\">\n\t\t\t\t<div class=\"elementor-widget-container\">\n\t\t\t\t\t\t\t\t\t<p><strong>Gustavo Surlo<\/strong><\/p><p><span data-contrast=\"none\">Gustavo Surlo \u00e9 bi\u00f3logo, mestre em recursos vegetais e frequentou aulas de desenho desde os 6 anos de idade.\u00a0<\/span><span data-ccp-props=\"{&quot;201341983&quot;:0,&quot;335557856&quot;:16777215,&quot;335559739&quot;:0,&quot;335559740&quot;:240}\">\u00a0<\/span><\/p><p><span data-contrast=\"none\">Suas ilustra\u00e7\u00f5es retratam principalmente esp\u00e9cies amea\u00e7adas, objetivando a sensibiliza\u00e7\u00e3o social acerca da perda de diversidade vegetal mascarada pela chamada &#8220;cegueira verde\u201d.<\/span><span data-ccp-props=\"{&quot;201341983&quot;:0,&quot;335557856&quot;:16777215,&quot;335559739&quot;:0,&quot;335559740&quot;:240}\">\u00a0<\/span><\/p><p>\u00a0<br \/><span data-contrast=\"none\">Seu primeiro pr\u00eamio veio com 18 anos no Congresso Latino-Americano de Bot\u00e2nica ao ilustrar uma esp\u00e9cie amea\u00e7ada de orqu\u00eddea.\u00a0<\/span><span data-ccp-props=\"{&quot;201341983&quot;:0,&quot;335557856&quot;:16777215,&quot;335559739&quot;:0,&quot;335559740&quot;:240}\">\u00a0<\/span><\/p><p><span data-contrast=\"none\">Gustavo tamb\u00e9m foi bolsista mais jovem pela Margaret Mee Scholarship em 2018 e ganhador do primeiro pr\u00eamio do Margaret Flockton Award em 2023.<\/span><span data-ccp-props=\"{&quot;201341983&quot;:0,&quot;335557856&quot;:16777215,&quot;335559739&quot;:0,&quot;335559740&quot;:240}\">\u00a0<\/span><\/p>\t\t\t\t\t\t\t\t<\/div>\n\t\t\t\t<\/div>\n\t\t\t\t\t<\/div>\n\t\t<\/div>\n\t\t\t\t\t<\/div>\n\t\t<\/section>\n\t\t\t\t\t<\/div>\n\t\t<\/div>\n\t\t\t\t\t<\/div>\n\t\t<\/section>\n\t\t\t\t<section class=\"elementor-section elementor-top-section elementor-element elementor-element-fd0f063 elementor-section-boxed elementor-section-height-default elementor-section-height-default\" data-id=\"fd0f063\" data-element_type=\"section\">\n\t\t\t\t\t\t<div class=\"elementor-container elementor-column-gap-default\">\n\t\t\t\t\t<div class=\"elementor-column elementor-col-100 elementor-top-column elementor-element elementor-element-6f52021\" data-id=\"6f52021\" data-element_type=\"column\">\n\t\t\t<div class=\"elementor-widget-wrap elementor-element-populated\">\n\t\t\t\t\t\t<div class=\"elementor-element elementor-element-c07ebe4 elementor-widget elementor-widget-text-editor\" data-id=\"c07ebe4\" data-element_type=\"widget\" data-widget_type=\"text-editor.default\">\n\t\t\t\t<div class=\"elementor-widget-container\">\n\t\t\t\t\t\t\t\t\t<h3><span style=\"font-weight: 700;\">Comiss\u00e3o Cient\u00edfica<\/span><\/h3>\t\t\t\t\t\t\t\t<\/div>\n\t\t\t\t<\/div>\n\t\t\t\t\t<\/div>\n\t\t<\/div>\n\t\t\t\t\t<\/div>\n\t\t<\/section>\n\t\t\t\t<section class=\"elementor-section elementor-top-section elementor-element elementor-element-897f1a0 elementor-section-boxed elementor-section-height-default elementor-section-height-default\" data-id=\"897f1a0\" data-element_type=\"section\">\n\t\t\t\t\t\t<div class=\"elementor-container elementor-column-gap-default\">\n\t\t\t\t\t<div class=\"elementor-column elementor-col-100 elementor-top-column elementor-element elementor-element-c053987\" data-id=\"c053987\" data-element_type=\"column\">\n\t\t\t<div class=\"elementor-widget-wrap elementor-element-populated\">\n\t\t\t\t\t\t<section class=\"elementor-section elementor-inner-section elementor-element elementor-element-e76879d elementor-section-boxed elementor-section-height-default elementor-section-height-default\" data-id=\"e76879d\" data-element_type=\"section\">\n\t\t\t\t\t\t<div class=\"elementor-container elementor-column-gap-default\">\n\t\t\t\t\t<div class=\"elementor-column elementor-col-50 elementor-inner-column elementor-element elementor-element-e4129d9\" data-id=\"e4129d9\" data-element_type=\"column\">\n\t\t\t<div class=\"elementor-widget-wrap elementor-element-populated\">\n\t\t\t\t\t\t<div class=\"elementor-element elementor-element-cc0ed44 elementor-widget elementor-widget-image\" data-id=\"cc0ed44\" data-element_type=\"widget\" data-widget_type=\"image.default\">\n\t\t\t\t<div class=\"elementor-widget-container\">\n\t\t\t\t\t\t\t\t\t\t\t\t\t\t\t<img loading=\"lazy\" decoding=\"async\" width=\"900\" height=\"1024\" src=\"https:\/\/artebotanicabrasil.com.br\/wp-content\/uploads\/2024\/08\/Joao_Iganci-900x1024-1.jpg\" class=\"attachment-large size-large wp-image-282\" alt=\"\" srcset=\"https:\/\/artebotanicabrasil.com.br\/wp-content\/uploads\/2024\/08\/Joao_Iganci-900x1024-1.jpg 900w, https:\/\/artebotanicabrasil.com.br\/wp-content\/uploads\/2024\/08\/Joao_Iganci-900x1024-1-264x300.jpg 264w, https:\/\/artebotanicabrasil.com.br\/wp-content\/uploads\/2024\/08\/Joao_Iganci-900x1024-1-768x874.jpg 768w, https:\/\/artebotanicabrasil.com.br\/wp-content\/uploads\/2024\/08\/Joao_Iganci-900x1024-1-570x649.jpg 570w\" sizes=\"(max-width: 900px) 100vw, 900px\" \/>\t\t\t\t\t\t\t\t\t\t\t\t\t\t\t<\/div>\n\t\t\t\t<\/div>\n\t\t\t\t\t<\/div>\n\t\t<\/div>\n\t\t\t\t<div class=\"elementor-column elementor-col-50 elementor-inner-column elementor-element elementor-element-65569e3\" data-id=\"65569e3\" data-element_type=\"column\">\n\t\t\t<div class=\"elementor-widget-wrap elementor-element-populated\">\n\t\t\t\t\t\t<div class=\"elementor-element elementor-element-ea1915f elementor-widget elementor-widget-text-editor\" data-id=\"ea1915f\" data-element_type=\"widget\" data-widget_type=\"text-editor.default\">\n\t\t\t\t<div class=\"elementor-widget-container\">\n\t\t\t\t\t\t\t\t\t<p><strong>Jo\u00e3o Iganci<\/strong><\/p><p><span data-contrast=\"none\">Bacharel em Ci\u00eancias Biol\u00f3gicas pela Universidade Federal de Pelotas \u2013 UFPel (2006), mestre em Bot\u00e2nica pela Escola Nacional de Bot\u00e2nica Tropical do Instituto de Pesquisas Jardim Bot\u00e2nico do Rio de Janeiro \u2013 ENBT\/JBRJ (2008) e doutor em Bot\u00e2nica pela Universidade Federal do Rio Grande do Sul \u2013 UFRGS (2012), com per\u00edodo sandu\u00edche no Royal Botanic Garden, Edinburgh, na Esc\u00f3cia.\u00a0<\/span><span data-ccp-props=\"{&quot;134233117&quot;:false,&quot;134233118&quot;:true,&quot;201341983&quot;:0,&quot;335557856&quot;:16777215,&quot;335559738&quot;:300,&quot;335559739&quot;:160,&quot;335559740&quot;:240}\">\u00a0<\/span><\/p><p><span data-contrast=\"none\">Atualmente \u00e9 professor associado na Universidade Federal de Pelotas, onde criou o N\u00facleo de Ilustra\u00e7\u00e3o Cient\u00edfica junto ao Instituto de Biologia, em 2022, e permanece como coordenador, desenvolvendo atividades de ensino, pesquisa e extens\u00e3o no tema ci\u00eancia e arte.<\/span><span data-ccp-props=\"{&quot;134233117&quot;:false,&quot;134233118&quot;:true,&quot;201341983&quot;:0,&quot;335557856&quot;:16777215,&quot;335559738&quot;:300,&quot;335559739&quot;:160,&quot;335559740&quot;:240}\">\u00a0<\/span><\/p><p><span data-contrast=\"none\">\u00c9 bolsista de produtividade em pesquisa do CNPq, com \u00eanfase em sistem\u00e1tica de leguminosas e conserva\u00e7\u00e3o da flora. \u00c9 membro permanente do corpo docente do Programa de P\u00f3s-Gradua\u00e7\u00e3o em Bot\u00e2nica da UFRGS e do Programa de P\u00f3s-Gradua\u00e7\u00e3o em Fisiologia Vegetal da UFPel.<\/span><span data-ccp-props=\"{&quot;134233117&quot;:false,&quot;134233118&quot;:true,&quot;201341983&quot;:0,&quot;335557856&quot;:16777215,&quot;335559738&quot;:300,&quot;335559739&quot;:160,&quot;335559740&quot;:240}\">\u00a0<\/span><\/p><p><span data-contrast=\"none\">\u00c9 membro associado da BSA \u2013\u202f<\/span><i><span data-contrast=\"none\">Botanical Society of America<\/span><\/i><span data-contrast=\"none\">, e do IAPT \u2013 <\/span><i><span data-contrast=\"none\">International Association of Plant Taxonomists<\/span><\/i><span data-contrast=\"none\">.<\/span><span data-ccp-props=\"{&quot;134233117&quot;:false,&quot;134233118&quot;:true,&quot;201341983&quot;:0,&quot;335557856&quot;:16777215,&quot;335559738&quot;:300,&quot;335559739&quot;:160,&quot;335559740&quot;:240}\">\u00a0<\/span><\/p><p><a href=\"https:\/\/wp.ufpel.edu.br\/igancilab\">https:\/\/wp.ufpel.edu.br\/igancilab<\/a><\/p>\t\t\t\t\t\t\t\t<\/div>\n\t\t\t\t<\/div>\n\t\t\t\t\t<\/div>\n\t\t<\/div>\n\t\t\t\t\t<\/div>\n\t\t<\/section>\n\t\t\t\t\t<\/div>\n\t\t<\/div>\n\t\t\t\t\t<\/div>\n\t\t<\/section>\n\t\t\t\t<section class=\"elementor-section elementor-top-section elementor-element elementor-element-3d53bdc elementor-section-boxed elementor-section-height-default elementor-section-height-default\" data-id=\"3d53bdc\" data-element_type=\"section\">\n\t\t\t\t\t\t<div class=\"elementor-container elementor-column-gap-default\">\n\t\t\t\t\t<div class=\"elementor-column elementor-col-50 elementor-top-column elementor-element elementor-element-c3fe7a0\" data-id=\"c3fe7a0\" data-element_type=\"column\">\n\t\t\t<div class=\"elementor-widget-wrap elementor-element-populated\">\n\t\t\t\t\t\t<div class=\"elementor-element elementor-element-ceb75db elementor-widget elementor-widget-image\" data-id=\"ceb75db\" data-element_type=\"widget\" data-widget_type=\"image.default\">\n\t\t\t\t<div class=\"elementor-widget-container\">\n\t\t\t\t\t\t\t\t\t\t\t\t\t\t\t<img loading=\"lazy\" decoding=\"async\" width=\"900\" height=\"1024\" src=\"https:\/\/artebotanicabrasil.com.br\/wp-content\/uploads\/2024\/06\/Meneguzzo-900x1024-1.jpg\" class=\"attachment-large size-large wp-image-264\" alt=\"Thiago Meneguzzo\" srcset=\"https:\/\/artebotanicabrasil.com.br\/wp-content\/uploads\/2024\/06\/Meneguzzo-900x1024-1.jpg 900w, https:\/\/artebotanicabrasil.com.br\/wp-content\/uploads\/2024\/06\/Meneguzzo-900x1024-1-264x300.jpg 264w, https:\/\/artebotanicabrasil.com.br\/wp-content\/uploads\/2024\/06\/Meneguzzo-900x1024-1-768x874.jpg 768w, https:\/\/artebotanicabrasil.com.br\/wp-content\/uploads\/2024\/06\/Meneguzzo-900x1024-1-570x649.jpg 570w\" sizes=\"(max-width: 900px) 100vw, 900px\" \/>\t\t\t\t\t\t\t\t\t\t\t\t\t\t\t<\/div>\n\t\t\t\t<\/div>\n\t\t\t\t\t<\/div>\n\t\t<\/div>\n\t\t\t\t<div class=\"elementor-column elementor-col-50 elementor-top-column elementor-element elementor-element-1878e60\" data-id=\"1878e60\" data-element_type=\"column\">\n\t\t\t<div class=\"elementor-widget-wrap elementor-element-populated\">\n\t\t\t\t\t\t<div class=\"elementor-element elementor-element-3298836 elementor-widget elementor-widget-text-editor\" data-id=\"3298836\" data-element_type=\"widget\" data-widget_type=\"text-editor.default\">\n\t\t\t\t<div class=\"elementor-widget-container\">\n\t\t\t\t\t\t\t\t\t<p><b>Thiago E. C. Meneguzzo<br \/><\/b>Instituto de Pesquisas do Jardim Bot\u00e2nico do Rio de Janeiro<br \/>Universidade Federal do Rio de Janeiro, Museu Imperial<b><br \/><\/b><\/p><p>Possui gradua\u00e7\u00e3o em Agronomia pela Universidade de Bras\u00edlia, gradua\u00e7\u00e3o em Ci\u00eancias Biol\u00f3gicas pela Universidade Cruzeiro do Sul.\u00a0<\/p><p>Mestrado e doutorado em Bot\u00e2nica pelo Instituto de Pesquisa Jardim Bot\u00e2nico do Rio de Janeiro.\u00a0<\/p><p>Atualmente \u00e9 pesquisador colaborador do Instituto de Pesquisas Jardim Bot\u00e2nico do Rio de Janeiro e pesquisador colaborador Pleno da Universidade de Bras\u00edlia.\u00a0<\/p><p>Atua na linha de pesquisa em sistem\u00e1tica e taxonomia de faner\u00f3gamos com especializa\u00e7\u00e3o em Orchidaceae Neotropicais (fam\u00edlia das orqu\u00eddeas ocorrentes nas zonas tropicais das Am\u00e9ricas).\u00a0<\/p><p>Membro do <i>Species Survival Commission<\/i>, <i>Brazil Red List Authority<\/i> 2021-2025 da <i>International Union for<\/i> <i>Conservation of Nature<\/i>; membro da Sociedade Bot\u00e2nica do Brasil; e membro de Comit\u00ea Editorial dos peri\u00f3dicos Heringeriana e Icones Orchidacearum.<\/p>\t\t\t\t\t\t\t\t<\/div>\n\t\t\t\t<\/div>\n\t\t\t\t\t<\/div>\n\t\t<\/div>\n\t\t\t\t\t<\/div>\n\t\t<\/section>\n\t\t\t\t<section class=\"elementor-section elementor-top-section elementor-element elementor-element-535fd67 elementor-section-boxed elementor-section-height-default elementor-section-height-default\" data-id=\"535fd67\" data-element_type=\"section\">\n\t\t\t\t\t\t<div class=\"elementor-container elementor-column-gap-default\">\n\t\t\t\t\t<div class=\"elementor-column elementor-col-50 elementor-top-column elementor-element elementor-element-3ba5a54\" data-id=\"3ba5a54\" data-element_type=\"column\">\n\t\t\t<div class=\"elementor-widget-wrap elementor-element-populated\">\n\t\t\t\t\t\t<div class=\"elementor-element elementor-element-c82f511 elementor-widget elementor-widget-image\" data-id=\"c82f511\" data-element_type=\"widget\" data-widget_type=\"image.default\">\n\t\t\t\t<div class=\"elementor-widget-container\">\n\t\t\t\t\t\t\t\t\t\t\t\t\t\t\t<img loading=\"lazy\" decoding=\"async\" width=\"900\" height=\"1024\" src=\"https:\/\/artebotanicabrasil.com.br\/wp-content\/uploads\/2024\/06\/Thiago-Andre-900x1024-1.jpg\" class=\"attachment-large size-large wp-image-269\" alt=\"Thiago Andre\" srcset=\"https:\/\/artebotanicabrasil.com.br\/wp-content\/uploads\/2024\/06\/Thiago-Andre-900x1024-1.jpg 900w, https:\/\/artebotanicabrasil.com.br\/wp-content\/uploads\/2024\/06\/Thiago-Andre-900x1024-1-264x300.jpg 264w, https:\/\/artebotanicabrasil.com.br\/wp-content\/uploads\/2024\/06\/Thiago-Andre-900x1024-1-768x874.jpg 768w, https:\/\/artebotanicabrasil.com.br\/wp-content\/uploads\/2024\/06\/Thiago-Andre-900x1024-1-570x649.jpg 570w\" sizes=\"(max-width: 900px) 100vw, 900px\" \/>\t\t\t\t\t\t\t\t\t\t\t\t\t\t\t<\/div>\n\t\t\t\t<\/div>\n\t\t\t\t\t<\/div>\n\t\t<\/div>\n\t\t\t\t<div class=\"elementor-column elementor-col-50 elementor-top-column elementor-element elementor-element-84390a1\" data-id=\"84390a1\" data-element_type=\"column\">\n\t\t\t<div class=\"elementor-widget-wrap elementor-element-populated\">\n\t\t\t\t\t\t<div class=\"elementor-element elementor-element-2b684f0 elementor-widget elementor-widget-text-editor\" data-id=\"2b684f0\" data-element_type=\"widget\" data-widget_type=\"text-editor.default\">\n\t\t\t\t<div class=\"elementor-widget-container\">\n\t\t\t\t\t\t\t\t\t<p><strong>Thiago J. Carvalho Andr\u00e9<\/strong><\/p>\n<p>Thiago Andr\u00e9 \u00e9 professor do departamento de Bot\u00e2nica da Universidade de Bras\u00edlia e estuda diversos aspectos da evolu\u00e7\u00e3o de plantas, com v\u00e1rios trabalhos sobre a morfologia associada \u00e0 poliniza\u00e7\u00e3o.&nbsp;<\/p><p>Tamb\u00e9m \u00e9 especialista na taxonomia de Costaceae, Marantaceae e Cannaceae.&nbsp;<\/p>\t\t\t\t\t\t\t\t<\/div>\n\t\t\t\t<\/div>\n\t\t\t\t\t<\/div>\n\t\t<\/div>\n\t\t\t\t\t<\/div>\n\t\t<\/section>\n\t\t\t\t<\/div>\n\t\t","protected":false},"excerpt":{"rendered":"<p>Comiss\u00e3o Art\u00edstica Cec\u00edlia Tomasi Natural de Bauru, SP (1954), reside em S\u00e3o Paulo desde 1981. Graduou-se em Educa\u00e7\u00e3o Art\u00edstica e Desenho pela UNESP de Bauru. Trabalhou como ilustradora no Instituto de Bot\u00e2nica\/Jardim Bot\u00e2nico de S\u00e3o Paulo por 30 anos, aonde realizou ilustra\u00e7\u00f5es de car\u00e1ter cient\u00edfico, para documenta\u00e7\u00e3o e divulga\u00e7\u00e3o de pesquisas bot\u00e2nicas; ministrou cursos e [&hellip;]<\/p>\n","protected":false},"author":1,"featured_media":0,"parent":0,"menu_order":0,"comment_status":"closed","ping_status":"closed","template":"","meta":{"footnotes":""},"class_list":["post-230","page","type-page","status-publish","czr-hentry"],"_links":{"self":[{"href":"https:\/\/artebotanicabrasil.com.br\/index.php\/wp-json\/wp\/v2\/pages\/230","targetHints":{"allow":["GET"]}}],"collection":[{"href":"https:\/\/artebotanicabrasil.com.br\/index.php\/wp-json\/wp\/v2\/pages"}],"about":[{"href":"https:\/\/artebotanicabrasil.com.br\/index.php\/wp-json\/wp\/v2\/types\/page"}],"author":[{"embeddable":true,"href":"https:\/\/artebotanicabrasil.com.br\/index.php\/wp-json\/wp\/v2\/users\/1"}],"replies":[{"embeddable":true,"href":"https:\/\/artebotanicabrasil.com.br\/index.php\/wp-json\/wp\/v2\/comments?post=230"}],"version-history":[{"count":19,"href":"https:\/\/artebotanicabrasil.com.br\/index.php\/wp-json\/wp\/v2\/pages\/230\/revisions"}],"predecessor-version":[{"id":285,"href":"https:\/\/artebotanicabrasil.com.br\/index.php\/wp-json\/wp\/v2\/pages\/230\/revisions\/285"}],"wp:attachment":[{"href":"https:\/\/artebotanicabrasil.com.br\/index.php\/wp-json\/wp\/v2\/media?parent=230"}],"curies":[{"name":"wp","href":"https:\/\/api.w.org\/{rel}","templated":true}]}}