{"id":393,"date":"2025-04-24T17:32:07","date_gmt":"2025-04-24T20:32:07","guid":{"rendered":"https:\/\/artebotanicabrasil.com.br\/?page_id=393"},"modified":"2025-06-04T12:17:42","modified_gmt":"2025-06-04T15:17:42","slug":"programacao","status":"publish","type":"page","link":"https:\/\/artebotanicabrasil.com.br\/index.php\/programacao\/","title":{"rendered":"Programa\u00e7\u00e3o Cultural"},"content":{"rendered":"\t\t<div data-elementor-type=\"wp-page\" data-elementor-id=\"393\" class=\"elementor elementor-393\">\n\t\t\t\t\t\t<section class=\"elementor-section elementor-top-section elementor-element elementor-element-7d6090f elementor-section-boxed elementor-section-height-default elementor-section-height-default\" data-id=\"7d6090f\" data-element_type=\"section\">\n\t\t\t\t\t\t<div class=\"elementor-container elementor-column-gap-default\">\n\t\t\t\t\t<div class=\"elementor-column elementor-col-100 elementor-top-column elementor-element elementor-element-6e2b676\" data-id=\"6e2b676\" data-element_type=\"column\">\n\t\t\t<div class=\"elementor-widget-wrap elementor-element-populated\">\n\t\t\t\t\t\t<div class=\"elementor-element elementor-element-1b3e53b elementor-widget elementor-widget-text-editor\" data-id=\"1b3e53b\" data-element_type=\"widget\" data-widget_type=\"text-editor.default\">\n\t\t\t\t<div class=\"elementor-widget-container\">\n\t\t\t\t\t\t\t\t\t<h3 style=\"text-align: center;\"><span style=\"color: #000000;\">Programa\u00e7\u00e3o Cultural<\/span><\/h3><p style=\"text-align: center;\"><span style=\"color: #000000;\"><strong>Casa Thomas Jefferson 706\/906 Sul \u2013 Bras\u00edlia<\/strong><\/span><\/p><p style=\"text-align: center;\"><strong><span style=\"color: #000000;\">Vernissage 16 de maio, a partir das 18:30hs<\/span><\/strong><\/p>\t\t\t\t\t\t\t\t<\/div>\n\t\t\t\t<\/div>\n\t\t\t\t\t<\/div>\n\t\t<\/div>\n\t\t\t\t\t<\/div>\n\t\t<\/section>\n\t\t\t\t<section class=\"elementor-section elementor-top-section elementor-element elementor-element-e9f6beb elementor-section-boxed elementor-section-height-default elementor-section-height-default\" data-id=\"e9f6beb\" data-element_type=\"section\">\n\t\t\t\t\t\t<div class=\"elementor-container elementor-column-gap-default\">\n\t\t\t\t\t<div class=\"elementor-column elementor-col-100 elementor-top-column elementor-element elementor-element-3e3c020\" data-id=\"3e3c020\" data-element_type=\"column\">\n\t\t\t<div class=\"elementor-widget-wrap elementor-element-populated\">\n\t\t\t\t\t\t<div class=\"elementor-element elementor-element-634df57 elementor-widget elementor-widget-text-editor\" data-id=\"634df57\" data-element_type=\"widget\" data-widget_type=\"text-editor.default\">\n\t\t\t\t<div class=\"elementor-widget-container\">\n\t\t\t\t\t\t\t\t\t<div><p><span style=\"color: #0000ff;\">17 de maio 9:00 \u2013 13:00 h\u00a0<\/span><br \/><span style=\"color: #000000;\"><strong>Demonstra\u00e7\u00e3o da T\u00e9cnica<\/strong> de Aquarela com <strong>F\u00e1tima Zagonel<\/strong> e <strong>Alessandro C\u00e2ndido<br \/><\/strong>Casa Thomas Jefferson 706\/906 Sul<br \/><strong>N\u00e3o \u00e9 necess\u00e1rio fazer inscri\u00e7\u00e3o para as demonstra\u00e7\u00f5es.<\/strong><\/span><\/p><\/div><div><p><span style=\"color: #0000ff;\">17 de maio 8:30 \u2013 14:00 h<\/span> <br \/><span style=\"color: #000000;\"><b>Minicurso com Maria Alice Rezende<br \/><\/b><\/span><span style=\"color: #000000;\">Introdu\u00e7\u00e3o \u00e0 Aquarela Bot\u00e2nica<br \/><\/span><span style=\"color: #000000;\">Casa Thomas Jefferson 706\/906 Sul<br \/><\/span><span style=\"color: #ff0000;\"><strong><a style=\"color: #ff0000;\" href=\"https:\/\/artebotanicabrasil.com.br\/wp-content\/uploads\/2025\/05\/Minicurso-Brasilia-2025-Maria-Alice-de-Rezende.pdf\">Informa\u00e7\u00f5es aqui<\/a><\/strong><br \/><a href=\"https:\/\/forms.gle\/cFcSQqgtDKfiNMTz9\" target=\"_blank\" rel=\"noopener\"><span style=\"color: #008000;\"><strong>Formul\u00e1rio de inscri\u00e7\u00e3o do Workshop<\/strong><\/span><\/a><\/span><\/p><\/div><div><p><span style=\"color: #0000ff;\">20 de maio 15:00\u00a0 &#8211; 17:00 h<\/span> <br \/><span style=\"color: #000000;\"><b>Visita guiada<\/b>\u00a0 com Marcos Ferraz<\/span><\/p><\/div><div><p><span style=\"color: #0000ff;\">28 de maio 15:00 \u2013 17:00 h<\/span> <br \/><span style=\"color: #000000;\">V<b>enha desenhar o jardim da Thomas Jefferson<br \/><\/b><b>Introdu\u00e7\u00e3o ao Caderno de Campo<br \/><\/b>Marcos Ferraz<\/span><\/p><\/div><div><span style=\"color: #0000ff;\">31 de maio 9:00 \u2013 11;45 h<\/span> <br \/><span style=\"color: #000000;\"><b>Venha desenhar o jardim da Thomas Jefferson<\/b><\/span><\/div><div><p><span style=\"color: #000000;\"><b>Introdu\u00e7\u00e3o ao Caderno de Campo <br \/><\/b>Marcos Ferraz<\/span><\/p><\/div><div><p><span style=\"color: #0000ff;\">05 de junho 15:00\u00a0 &#8211; 17:00 h<\/span> <br \/><span style=\"color: #000000;\"><b>Visita guiada <br \/><\/b>Marcos Ferraz<\/span><\/p><\/div><div><span style=\"color: #0000ff;\">11 de junho 15:00 \u2013 17:00 h<\/span> <br \/><span style=\"color: #000000;\"><b>Venha desenhar o jardim da Thomas Jefferson<\/b><\/span><\/div><div><span style=\"color: #000000;\"><b>Introdu\u00e7\u00e3o ao Caderno de Campo<\/b>\u00a0<\/span><\/div><div><span style=\"color: #000000;\">Marcos Ferraz<\/span><\/div><div>\u00a0<\/div><div><span style=\"color: #000000;\">Maiores informa\u00e7\u00f5es sobre os eventos enviar e-mail para<\/span> <span style=\"color: #0000ff;\"><a style=\"color: #0000ff;\" href=\"mailto:artebotanicabrasil@gmail.com\">artebotanicabrasil@gmail.com<\/a><\/span><\/div>\t\t\t\t\t\t\t\t<\/div>\n\t\t\t\t<\/div>\n\t\t\t\t\t<\/div>\n\t\t<\/div>\n\t\t\t\t\t<\/div>\n\t\t<\/section>\n\t\t\t\t<\/div>\n\t\t","protected":false},"excerpt":{"rendered":"<p>Programa\u00e7\u00e3o Cultural Casa Thomas Jefferson 706\/906 Sul \u2013 Bras\u00edlia Vernissage 16 de maio, a partir das 18:30hs 17 de maio 9:00 \u2013 13:00 h\u00a0Demonstra\u00e7\u00e3o da T\u00e9cnica de Aquarela com F\u00e1tima Zagonel e Alessandro C\u00e2ndidoCasa Thomas Jefferson 706\/906 SulN\u00e3o \u00e9 necess\u00e1rio fazer inscri\u00e7\u00e3o para as demonstra\u00e7\u00f5es. 17 de maio 8:30 \u2013 14:00 h Minicurso com Maria [&hellip;]<\/p>\n","protected":false},"author":1,"featured_media":0,"parent":0,"menu_order":0,"comment_status":"closed","ping_status":"closed","template":"","meta":{"footnotes":""},"class_list":["post-393","page","type-page","status-publish","czr-hentry"],"_links":{"self":[{"href":"https:\/\/artebotanicabrasil.com.br\/index.php\/wp-json\/wp\/v2\/pages\/393","targetHints":{"allow":["GET"]}}],"collection":[{"href":"https:\/\/artebotanicabrasil.com.br\/index.php\/wp-json\/wp\/v2\/pages"}],"about":[{"href":"https:\/\/artebotanicabrasil.com.br\/index.php\/wp-json\/wp\/v2\/types\/page"}],"author":[{"embeddable":true,"href":"https:\/\/artebotanicabrasil.com.br\/index.php\/wp-json\/wp\/v2\/users\/1"}],"replies":[{"embeddable":true,"href":"https:\/\/artebotanicabrasil.com.br\/index.php\/wp-json\/wp\/v2\/comments?post=393"}],"version-history":[{"count":54,"href":"https:\/\/artebotanicabrasil.com.br\/index.php\/wp-json\/wp\/v2\/pages\/393\/revisions"}],"predecessor-version":[{"id":461,"href":"https:\/\/artebotanicabrasil.com.br\/index.php\/wp-json\/wp\/v2\/pages\/393\/revisions\/461"}],"wp:attachment":[{"href":"https:\/\/artebotanicabrasil.com.br\/index.php\/wp-json\/wp\/v2\/media?parent=393"}],"curies":[{"name":"wp","href":"https:\/\/api.w.org\/{rel}","templated":true}]}}